{"id":201,"date":"2018-06-08T13:17:10","date_gmt":"2018-06-08T13:17:10","guid":{"rendered":"https:\/\/plethorathemes.com\/musicflex\/drummer\/?page_id=201"},"modified":"2025-12-01T13:00:21","modified_gmt":"2025-12-01T12:00:21","slug":"blog","status":"publish","type":"page","link":"https:\/\/lucatiraterra.com\/en\/blog\/","title":{"rendered":"Blog"},"content":{"rendered":"<p>[vc_row full_width=&#8221;stretch_row&#8221; equal_height=&#8221;yes&#8221; color_set=&#8221;white_section&#8221; post_type=&#8221;&#8221; el_id=&#8221;blog&#8221;][vc_column width=&#8221;2\/3&#8243; offset=&#8221;vc_col-xs-6&#8243;]<div class=\"heading_group_sc wpb_content_element subtitle_bottom text-left has_line_divider has_line_divider\">\r\n\r\n\r\n\r\n    <h5 style=\"text-align: left;\">MY BLOG POSTS<\/h5>\n<h2>NEWS<\/h2>\n\r\n\r\n         <div class=\"line_divider\"><\/div>     \r\n        <span class=\"subtitle\"><\/span>\r\n\r\n<\/div>[\/vc_column][vc_column width=&#8221;1\/3&#8243; offset=&#8221;vc_col-xs-6&#8243;][vc_column_text css=&#8221;.vc_custom_1661524905252{margin-top: 20px !important;}&#8221;]<\/p>\n<p style=\"text-align: right;\">Stay updated<br \/>\nwith my last music news.<\/p>\n<p>[\/vc_column_text][\/vc_column][\/vc_row][vc_row full_width=&#8221;stretch_row&#8221; equal_height=&#8221;yes&#8221; color_set=&#8221;white_section&#8221; post_type=&#8221;&#8221; css=&#8221;.vc_custom_1528198088421{margin-top: -6em !important;}&#8221;][vc_column]<div class=\"heading_group_sc wpb_content_element subtitle_bottom text-center has_line_divider\">\r\n\r\n\r\n\r\n    <h2>New Endorsement with &#8220;Vater Drumsticks&#8221;<\/h2>\n<div class=\"xdj266r x14z9mp xat24cr x1lziwak x1vvkbs x126k92a\">\n<div dir=\"auto\">\n<p>5\/11\/2025<\/p>\n<h2><img loading=\"lazy\" decoding=\"async\" class=\"size-medium wp-image-960 aligncenter\" src=\"https:\/\/lucatiraterra.com\/wp-content\/uploads\/2025\/12\/prova-foto-con-logo-vater-2-240x300.png\" alt=\"\" width=\"240\" height=\"300\" srcset=\"https:\/\/lucatiraterra.com\/wp-content\/uploads\/2025\/12\/prova-foto-con-logo-vater-2-240x300.png 240w, https:\/\/lucatiraterra.com\/wp-content\/uploads\/2025\/12\/prova-foto-con-logo-vater-2-1026x1282.png 1026w, https:\/\/lucatiraterra.com\/wp-content\/uploads\/2025\/12\/prova-foto-con-logo-vater-2-768x960.png 768w, https:\/\/lucatiraterra.com\/wp-content\/uploads\/2025\/12\/prova-foto-con-logo-vater-2.png 1080w\" sizes=\"auto, (max-width: 240px) 100vw, 240px\" \/><\/h2>\n<p>I\u2019m really happy to share that I\u2019ve joined the <span class=\"html-span xdj266r x14z9mp xat24cr x1lziwak xexx8yu xyri2b x18d9i69 x1c1uobl x1hl2dhg x16tdsg8 x1vvkbs\"><a class=\"x1i10hfl xjbqb8w x1ejq31n x18oe1m7 x1sy0etr xstzfhl x972fbf x10w94by x1qhh985 x14e42zd x9f619 x1ypdohk xt0psk2 x3ct3a4 xdj266r x14z9mp xat24cr x1lziwak xexx8yu xyri2b x18d9i69 x1c1uobl x16tdsg8 x1hl2dhg xggy1nq x1a2a7pz xkrqix3 x1sur9pj x1fey0fg x1s688f\" tabindex=\"0\" role=\"link\" href=\"https:\/\/www.facebook.com\/VaterDrumsticks?__cft__[0]=AZWUXpuXzs1nXnXhyhvumXeFN7YfwWPhqNXAKFzCaDi-GHTkc0IsX6qVYLNSFNV8DHIMfveCTxkmmnx6lKWhFON17UptcCOGZhc89dLJ0wQr4KlIEVGUwpBpjXOd3T4naBN3U1OKBBsYpUSM0bSTr8ZZQIEypTa6fwpBTNepewV3AA&amp;__tn__=-]K-R\"><span class=\"xt0psk2\"><span class=\"xjp7ctv\">Vater Drumsticks<\/span><\/span><\/a><\/span> family! <span class=\"html-span xexx8yu xyri2b x18d9i69 x1c1uobl x1hl2dhg x16tdsg8 x1vvkbs x3nfvp2 x1j61x8r x1fcty0u xdj266r xat24cr xm2jcoa x1mpyi22 xxymvpz xlup9mm x1kky2od\"><img loading=\"lazy\" decoding=\"async\" class=\"xz74otr x15mokao x1ga7v0g x16uus16 xbiv7yw\" src=\"https:\/\/static.xx.fbcdn.net\/images\/emoji.php\/v9\/t2d\/2\/16\/1f941.png\" alt=\"\ud83e\udd41\" width=\"16\" height=\"16\" \/><\/span><\/p>\n<\/div>\n<\/div>\n<div class=\"x14z9mp xat24cr x1lziwak x1vvkbs xtlvy1s x126k92a\">\n<div dir=\"auto\">It\u2019s an honor to be part of such an iconic brand that has supported so many amazing drummers around the world.<\/div>\n<\/div>\n<div class=\"x14z9mp xat24cr x1lziwak x1vvkbs xtlvy1s x126k92a\">\n<div dir=\"auto\">A special thanks to <span class=\"html-span xdj266r x14z9mp xat24cr x1lziwak xexx8yu xyri2b x18d9i69 x1c1uobl x1hl2dhg x16tdsg8 x1vvkbs\"><a class=\"x1i10hfl xjbqb8w x1ejq31n x18oe1m7 x1sy0etr xstzfhl x972fbf x10w94by x1qhh985 x14e42zd x9f619 x1ypdohk xt0psk2 x3ct3a4 xdj266r x14z9mp xat24cr x1lziwak xexx8yu xyri2b x18d9i69 x1c1uobl x16tdsg8 x1hl2dhg xggy1nq x1a2a7pz xkrqix3 x1sur9pj x1fey0fg x1s688f\" tabindex=\"0\" role=\"link\" href=\"https:\/\/www.facebook.com\/profile.php?id=61555726084345&amp;__cft__[0]=AZWUXpuXzs1nXnXhyhvumXeFN7YfwWPhqNXAKFzCaDi-GHTkc0IsX6qVYLNSFNV8DHIMfveCTxkmmnx6lKWhFON17UptcCOGZhc89dLJ0wQr4KlIEVGUwpBpjXOd3T4naBN3U1OKBBsYpUSM0bSTr8ZZQIEypTa6fwpBTNepewV3AA&amp;__tn__=-]K-R\"><span class=\"xt0psk2\"><span class=\"xjp7ctv\">Mattia Sign\u00f2<\/span><\/span><\/a><\/span> and <span class=\"html-span xdj266r x14z9mp xat24cr x1lziwak xexx8yu xyri2b x18d9i69 x1c1uobl x1hl2dhg x16tdsg8 x1vvkbs\"><a class=\"x1i10hfl xjbqb8w x1ejq31n x18oe1m7 x1sy0etr xstzfhl x972fbf x10w94by x1qhh985 x14e42zd x9f619 x1ypdohk xt0psk2 x3ct3a4 xdj266r x14z9mp xat24cr x1lziwak xexx8yu xyri2b x18d9i69 x1c1uobl x16tdsg8 x1hl2dhg xggy1nq x1a2a7pz xkrqix3 x1sur9pj x1fey0fg x1s688f\" tabindex=\"0\" role=\"link\" href=\"https:\/\/www.facebook.com\/mogarmusic?__cft__[0]=AZWUXpuXzs1nXnXhyhvumXeFN7YfwWPhqNXAKFzCaDi-GHTkc0IsX6qVYLNSFNV8DHIMfveCTxkmmnx6lKWhFON17UptcCOGZhc89dLJ0wQr4KlIEVGUwpBpjXOd3T4naBN3U1OKBBsYpUSM0bSTr8ZZQIEypTa6fwpBTNepewV3AA&amp;__tn__=-]K-R\"><span class=\"xt0psk2\"><span class=\"xjp7ctv\">Mogar Music<\/span><\/span><\/a><\/span> for their trust and support. I\u2019m truly grateful for this opportunity.<\/div>\n<\/div>\n<div class=\"x14z9mp xat24cr x1lziwak x1vvkbs xtlvy1s x126k92a\">\n<div dir=\"auto\">Can\u2019t wait to bring you new music, shows, and a lot more very soon! <span class=\"html-span xexx8yu xyri2b x18d9i69 x1c1uobl x1hl2dhg x16tdsg8 x1vvkbs x3nfvp2 x1j61x8r x1fcty0u xdj266r xat24cr xm2jcoa x1mpyi22 xxymvpz xlup9mm x1kky2od\"><img loading=\"lazy\" decoding=\"async\" class=\"xz74otr x15mokao x1ga7v0g x16uus16 xbiv7yw\" src=\"https:\/\/static.xx.fbcdn.net\/images\/emoji.php\/v9\/t12\/2\/16\/1f918_1f3fb.png\" alt=\"\ud83e\udd18\ud83c\udffb\" width=\"16\" height=\"16\" \/><\/span><\/div>\n<\/div>\n<div class=\"x14z9mp xat24cr x1lziwak x1vvkbs xtlvy1s x126k92a\">\n<div dir=\"auto\"><span class=\"html-span xdj266r x14z9mp xat24cr x1lziwak xexx8yu xyri2b x18d9i69 x1c1uobl x1hl2dhg x16tdsg8 x1vvkbs\"><a class=\"x1i10hfl xjbqb8w x1ejq31n x18oe1m7 x1sy0etr xstzfhl x972fbf x10w94by x1qhh985 x14e42zd x9f619 x1ypdohk xt0psk2 x3ct3a4 xdj266r x14z9mp xat24cr x1lziwak xexx8yu xyri2b x18d9i69 x1c1uobl x16tdsg8 x1hl2dhg xggy1nq x1a2a7pz xkrqix3 x1sur9pj x1fey0fg x1s688f\" tabindex=\"0\" role=\"link\" href=\"https:\/\/www.facebook.com\/hashtag\/vaterdrumsticks?__eep__=6&amp;__cft__[0]=AZWUXpuXzs1nXnXhyhvumXeFN7YfwWPhqNXAKFzCaDi-GHTkc0IsX6qVYLNSFNV8DHIMfveCTxkmmnx6lKWhFON17UptcCOGZhc89dLJ0wQr4KlIEVGUwpBpjXOd3T4naBN3U1OKBBsYpUSM0bSTr8ZZQIEypTa6fwpBTNepewV3AA&amp;__tn__=*NK-R\">#vaterdrumsticks<\/a><\/span> <span class=\"html-span xdj266r x14z9mp xat24cr x1lziwak xexx8yu xyri2b x18d9i69 x1c1uobl x1hl2dhg x16tdsg8 x1vvkbs\"><a class=\"x1i10hfl xjbqb8w x1ejq31n x18oe1m7 x1sy0etr xstzfhl x972fbf x10w94by x1qhh985 x14e42zd x9f619 x1ypdohk xt0psk2 x3ct3a4 xdj266r x14z9mp xat24cr x1lziwak xexx8yu xyri2b x18d9i69 x1c1uobl x16tdsg8 x1hl2dhg xggy1nq x1a2a7pz xkrqix3 x1sur9pj x1fey0fg x1s688f\" tabindex=\"0\" role=\"link\" href=\"https:\/\/www.facebook.com\/hashtag\/mogarmusicitaly?__eep__=6&amp;__cft__[0]=AZWUXpuXzs1nXnXhyhvumXeFN7YfwWPhqNXAKFzCaDi-GHTkc0IsX6qVYLNSFNV8DHIMfveCTxkmmnx6lKWhFON17UptcCOGZhc89dLJ0wQr4KlIEVGUwpBpjXOd3T4naBN3U1OKBBsYpUSM0bSTr8ZZQIEypTa6fwpBTNepewV3AA&amp;__tn__=*NK-R\">#mogarmusicitaly<\/a><\/span> <span class=\"html-span xdj266r x14z9mp xat24cr x1lziwak xexx8yu xyri2b x18d9i69 x1c1uobl x1hl2dhg x16tdsg8 x1vvkbs\"><a class=\"x1i10hfl xjbqb8w x1ejq31n x18oe1m7 x1sy0etr xstzfhl x972fbf x10w94by x1qhh985 x14e42zd x9f619 x1ypdohk xt0psk2 x3ct3a4 xdj266r x14z9mp xat24cr x1lziwak xexx8yu xyri2b x18d9i69 x1c1uobl x16tdsg8 x1hl2dhg xggy1nq x1a2a7pz xkrqix3 x1sur9pj x1fey0fg x1s688f\" tabindex=\"0\" role=\"link\" href=\"https:\/\/www.facebook.com\/hashtag\/mogarmusic?__eep__=6&amp;__cft__[0]=AZWUXpuXzs1nXnXhyhvumXeFN7YfwWPhqNXAKFzCaDi-GHTkc0IsX6qVYLNSFNV8DHIMfveCTxkmmnx6lKWhFON17UptcCOGZhc89dLJ0wQr4KlIEVGUwpBpjXOd3T4naBN3U1OKBBsYpUSM0bSTr8ZZQIEypTa6fwpBTNepewV3AA&amp;__tn__=*NK-R\">#mogarmusic<\/a><\/span> <span class=\"html-span xdj266r x14z9mp xat24cr x1lziwak xexx8yu xyri2b x18d9i69 x1c1uobl x1hl2dhg x16tdsg8 x1vvkbs\"><a class=\"x1i10hfl xjbqb8w x1ejq31n x18oe1m7 x1sy0etr xstzfhl x972fbf x10w94by x1qhh985 x14e42zd x9f619 x1ypdohk xt0psk2 x3ct3a4 xdj266r x14z9mp xat24cr x1lziwak xexx8yu xyri2b x18d9i69 x1c1uobl x16tdsg8 x1hl2dhg xggy1nq x1a2a7pz xkrqix3 x1sur9pj x1fey0fg x1s688f\" tabindex=\"0\" role=\"link\" href=\"https:\/\/www.facebook.com\/hashtag\/endorsement?__eep__=6&amp;__cft__[0]=AZWUXpuXzs1nXnXhyhvumXeFN7YfwWPhqNXAKFzCaDi-GHTkc0IsX6qVYLNSFNV8DHIMfveCTxkmmnx6lKWhFON17UptcCOGZhc89dLJ0wQr4KlIEVGUwpBpjXOd3T4naBN3U1OKBBsYpUSM0bSTr8ZZQIEypTa6fwpBTNepewV3AA&amp;__tn__=*NK-R\">#endorsement<\/a><\/span> <span class=\"html-span xdj266r x14z9mp xat24cr x1lziwak xexx8yu xyri2b x18d9i69 x1c1uobl x1hl2dhg x16tdsg8 x1vvkbs\"><a class=\"x1i10hfl xjbqb8w x1ejq31n x18oe1m7 x1sy0etr xstzfhl x972fbf x10w94by x1qhh985 x14e42zd x9f619 x1ypdohk xt0psk2 x3ct3a4 xdj266r x14z9mp xat24cr x1lziwak xexx8yu xyri2b x18d9i69 x1c1uobl x16tdsg8 x1hl2dhg xggy1nq x1a2a7pz xkrqix3 x1sur9pj x1fey0fg x1s688f\" tabindex=\"0\" role=\"link\" href=\"https:\/\/www.facebook.com\/hashtag\/lucatiraterra?__eep__=6&amp;__cft__[0]=AZWUXpuXzs1nXnXhyhvumXeFN7YfwWPhqNXAKFzCaDi-GHTkc0IsX6qVYLNSFNV8DHIMfveCTxkmmnx6lKWhFON17UptcCOGZhc89dLJ0wQr4KlIEVGUwpBpjXOd3T4naBN3U1OKBBsYpUSM0bSTr8ZZQIEypTa6fwpBTNepewV3AA&amp;__tn__=*NK-R\">#lucatiraterra<\/a><\/span><\/div>\n<\/div>\n<div class=\"x14z9mp xat24cr x1lziwak x1vvkbs xtlvy1s x126k92a\">\n<div dir=\"auto\">ph <span class=\"html-span xexx8yu xyri2b x18d9i69 x1c1uobl x1hl2dhg x16tdsg8 x1vvkbs x3nfvp2 x1j61x8r x1fcty0u xdj266r xat24cr xm2jcoa x1mpyi22 xxymvpz xlup9mm x1kky2od\"><img loading=\"lazy\" decoding=\"async\" class=\"xz74otr x15mokao x1ga7v0g x16uus16 xbiv7yw\" src=\"https:\/\/static.xx.fbcdn.net\/images\/emoji.php\/v9\/t7d\/2\/16\/1f4f8.png\" alt=\"\ud83d\udcf8\" width=\"16\" height=\"16\" \/><\/span> Francesco Maria Pepe<\/div>\n<\/div>\n\r\n\r\n         <div class=\"line_divider\"><\/div>     \r\n        <span class=\"subtitle\"><\/span>\r\n\r\n<\/div><div class=\"heading_group_sc wpb_content_element subtitle_bottom text-center has_line_divider\">\r\n\r\n\r\n\r\n    <h2>LUCA TIRATERRA joins prog\/death metal band &#8220;Bedsore&#8221; and signs new contract with &#8220;Season Of Mist&#8221;<\/h2>\n<p>23\/10\/2025<\/p>\n<h2><img loading=\"lazy\" decoding=\"async\" class=\"size-medium wp-image-963 aligncenter\" src=\"https:\/\/lucatiraterra.com\/wp-content\/uploads\/2025\/12\/Bedsore-vertical-2025sm-2048x1230-1-300x180.jpg\" alt=\"\" width=\"300\" height=\"180\" srcset=\"https:\/\/lucatiraterra.com\/wp-content\/uploads\/2025\/12\/Bedsore-vertical-2025sm-2048x1230-1-300x180.jpg 300w, https:\/\/lucatiraterra.com\/wp-content\/uploads\/2025\/12\/Bedsore-vertical-2025sm-2048x1230-1-1920x1153.jpg 1920w, https:\/\/lucatiraterra.com\/wp-content\/uploads\/2025\/12\/Bedsore-vertical-2025sm-2048x1230-1-768x461.jpg 768w, https:\/\/lucatiraterra.com\/wp-content\/uploads\/2025\/12\/Bedsore-vertical-2025sm-2048x1230-1-1536x923.jpg 1536w, https:\/\/lucatiraterra.com\/wp-content\/uploads\/2025\/12\/Bedsore-vertical-2025sm-2048x1230-1.jpg 2048w\" sizes=\"auto, (max-width: 300px) 100vw, 300px\" \/><\/h2>\n<p>This year, Bedsore proudly joined the prestigious roster of Season of Mist, opening a new phase in their artistic path. This step prepares the ground for their forthcoming album, promising to expand their sound into even richer and more daring territories.<\/p>\n<p>Like so many of their Italian brethren from Goblin and Devil Doll, to Death SS and Black Hole, Bedsore continue to pursue their uncompromising vision, now in a renovated vest, and performing as a six-piece to achieve a more powerful live dynamic and timbrel palette.<\/p>\n<p>Bedsore already have two European tours and appearances at eminent international festivals like Chaos Descends Festival, Incineration Festival, Kill-Town Death Fest, Courts of Chaos Festival, Frantic Festival and Metalitalia Festival under their belts. The band\u2019s live appearances aim to convey their musical kaleidoscopic frame into a unique visual and aural experience that\u2019s all-encompassing for both the audience and the musicians.<\/p>\n<p>So, brace yourself! Bedsore\u2019s journey is just at its beginning, and the future promises even greater sonic heights.<\/p>\n<h3>LINE-UP:<\/h3>\n<ul class=\"list-unstyled\">\n<li>Jacopo Gianmaria Pepe : <em>Vocals, Electric Guitar, 12-String Guitar<\/em><\/li>\n<li>Stefano Allegretti : <em>Hammond Organ, Mellotron, String Machine<\/em><\/li>\n<li>Ruben Palma : <em>Bass<\/em><\/li>\n<li>Luca Tiraterra : <em>Drums<\/em><\/li>\n<li>Alessandro De Falco : <em>Electric Guitar<\/em><\/li>\n<li>Samuele Cima : <em>Synthesizers<\/em><\/li>\n<\/ul>\n\r\n\r\n         <div class=\"line_divider\"><\/div>     \r\n        <span class=\"subtitle\"><\/span>\r\n\r\n<\/div><div class=\"heading_group_sc wpb_content_element subtitle_bottom text-center has_line_divider\">\r\n\r\n\r\n\r\n    <h2>European Tour 2025 with &#8220;Il Giardino Degli Specchi&#8221;<\/h2>\n<p data-start=\"178\" data-end=\"311\">19\/06\/2025<\/p>\n<h2><img loading=\"lazy\" decoding=\"async\" class=\"alignnone size-medium wp-image-956\" src=\"https:\/\/lucatiraterra.com\/wp-content\/uploads\/2025\/09\/tour-poster-25-10th-anniversary-212x300.jpg\" alt=\"\" width=\"212\" height=\"300\" srcset=\"https:\/\/lucatiraterra.com\/wp-content\/uploads\/2025\/09\/tour-poster-25-10th-anniversary-212x300.jpg 212w, https:\/\/lucatiraterra.com\/wp-content\/uploads\/2025\/09\/tour-poster-25-10th-anniversary-906x1282.jpg 906w, https:\/\/lucatiraterra.com\/wp-content\/uploads\/2025\/09\/tour-poster-25-10th-anniversary-768x1086.jpg 768w, https:\/\/lucatiraterra.com\/wp-content\/uploads\/2025\/09\/tour-poster-25-10th-anniversary-1086x1536.jpg 1086w, https:\/\/lucatiraterra.com\/wp-content\/uploads\/2025\/09\/tour-poster-25-10th-anniversary.jpg 1448w\" sizes=\"auto, (max-width: 212px) 100vw, 212px\" \/><\/h2>\n<p data-start=\"178\" data-end=\"311\">Nel 2025 <em data-start=\"187\" data-end=\"214\">Il Giardino degli Specchi<\/em> festeggia dieci anni di attivit\u00e0 con un tour europeo che toccher\u00e0 10 citt\u00e0 in 8 diversi Paesi.<\/p>\n<p data-start=\"313\" data-end=\"398\"><strong data-start=\"313\" data-end=\"331\">Luca Tiraterra<\/strong> sar\u00e0 parte del progetto, prendendo parte a tutte le date del tour.<\/p>\n<p data-start=\"400\" data-end=\"446\">Di seguito il comunicato ufficiale della band:<\/p>\n<hr data-start=\"448\" data-end=\"451\" \/>\n<blockquote data-start=\"453\" data-end=\"1509\">\n<p data-start=\"455\" data-end=\"510\">\ud83c\uddec\ud83c\udde7 <em data-start=\"460\" data-end=\"510\">As we promised: here comes another big surprise.<\/em><\/p>\n<p data-start=\"515\" data-end=\"660\"><em data-start=\"515\" data-end=\"660\">After ten years of music, miles, shared stages, sweat and dreams, we\u2019re ready to celebrate this journey the way we love the most: playing live.<\/em><\/p>\n<p data-start=\"665\" data-end=\"829\"><em data-start=\"665\" data-end=\"829\">The 10 YEARS ANNIVERSARY TOUR is our way to say thank you, to relive everything we\u2019ve built together, and to push ourselves further toward new musical directions.<\/em><\/p>\n<p data-start=\"834\" data-end=\"863\">\ud83d\uddd3 <em data-start=\"837\" data-end=\"863\">Here are the tour dates:<\/em><\/p>\n<p data-start=\"868\" data-end=\"1420\"><strong data-start=\"868\" data-end=\"893\">Thursday, September 4<\/strong> \u2013 Freakout Club \u2013 Bologna (IT)<br data-start=\"924\" data-end=\"927\" \/><strong data-start=\"929\" data-end=\"952\">Friday, September 5<\/strong> \u2013 C.I.Q. \u2013 Milan (IT)<br data-start=\"974\" data-end=\"977\" \/><strong data-start=\"979\" data-end=\"1004\">Saturday, September 6<\/strong> \u2013 Lu15 \u2013 T\u00fcbingen (DE)<br data-start=\"1027\" data-end=\"1030\" \/><strong data-start=\"1032\" data-end=\"1055\">Sunday, September 7<\/strong> \u2013 Cafe Napul Cesty \u2013 Prague (CZ)<br data-start=\"1088\" data-end=\"1091\" \/><strong data-start=\"1093\" data-end=\"1117\">Tuesday, September 9<\/strong> \u2013 Oliwa Pub \u2013 Krak\u00f3w (PL)<br data-start=\"1143\" data-end=\"1146\" \/><strong data-start=\"1148\" data-end=\"1175\">Wednesday, September 10<\/strong> \u2013 Secret Garden \u2013 Ko\u0161ice (SK)<br data-start=\"1205\" data-end=\"1208\" data-is-only-node=\"\" \/><strong data-start=\"1210\" data-end=\"1236\">Thursday, September 11<\/strong> \u2013 Rockwave Tavern \u2013 Baia Mare (RO)<br data-start=\"1271\" data-end=\"1274\" \/><strong data-start=\"1276\" data-end=\"1300\">Friday, September 12<\/strong> \u2013 Riff \u2013 Budapest (HU)<br data-start=\"1323\" data-end=\"1326\" \/><strong data-start=\"1328\" data-end=\"1354\">Saturday, September 13<\/strong> \u2013 Sub \u2013 Graz (AT)<br data-start=\"1372\" data-end=\"1375\" \/><strong data-start=\"1377\" data-end=\"1401\">Sunday, September 14<\/strong> \u2013 G5 \u2013 Vienna (AT)<\/p>\n<p data-start=\"1425\" data-end=\"1509\">\ud83d\udce3 <em data-start=\"1428\" data-end=\"1509\">All show details \u2013 set times, guest bands, and more info \u2013 will come very soon.<\/em><\/p>\n<\/blockquote>\n\r\n\r\n         <div class=\"line_divider\"><\/div>     \r\n        <span class=\"subtitle\"><\/span>\r\n\r\n<\/div><div class=\"heading_group_sc wpb_content_element subtitle_bottom text-center has_line_divider\">\r\n\r\n\r\n\r\n    <h2 style=\"text-align: center;\">New Endorsement with Cympad<\/h2>\n<p style=\"text-align: center;\">5\/05\/2025<\/p>\n<p><img loading=\"lazy\" decoding=\"async\" class=\"size-medium wp-image-949 aligncenter\" src=\"https:\/\/lucatiraterra.com\/wp-content\/uploads\/2025\/05\/cympad-ok-def-169x300.png\" alt=\"\" width=\"169\" height=\"300\" srcset=\"https:\/\/lucatiraterra.com\/wp-content\/uploads\/2025\/05\/cympad-ok-def-169x300.png 169w, https:\/\/lucatiraterra.com\/wp-content\/uploads\/2025\/05\/cympad-ok-def-721x1282.png 721w, https:\/\/lucatiraterra.com\/wp-content\/uploads\/2025\/05\/cympad-ok-def-768x1365.png 768w, https:\/\/lucatiraterra.com\/wp-content\/uploads\/2025\/05\/cympad-ok-def-864x1536.png 864w, https:\/\/lucatiraterra.com\/wp-content\/uploads\/2025\/05\/cympad-ok-def.png 1080w\" sizes=\"auto, (max-width: 169px) 100vw, 169px\" \/>I\u2019m proud and excited to announce my new collaboration with <strong>Cympad<\/strong>!<br \/>\nIt\u2019s truly a privilege to work with such a respected brand in the drumming world, that has consistently set the standard for innovation, quality, and professionalism.<br \/>\nThank you<strong> Cympad<\/strong> for your trust: I\u2019m honored to be part of your family!<\/p>\n<p><a href=\"https:\/\/www.cympad.com\/\">https:\/\/www.cympad.com\/<\/a><\/p>\n\r\n\r\n         <div class=\"line_divider\"><\/div>     \r\n        <span class=\"subtitle\"><\/span>\r\n\r\n<\/div><div class=\"heading_group_sc wpb_content_element subtitle_bottom text-center has_line_divider\">\r\n\r\n\r\n\r\n    <h2 class=\"post-title entry-title\">SVART VINTER SHARE FIRST SINGLE \u2018OF COLD AND GRIEF\u2019 FROM UPCOMING ALBUM<\/h2>\n<h6 class=\"post-title entry-title\" style=\"text-align: center;\">18\/04\/2025<\/h6>\n<p><img loading=\"lazy\" decoding=\"async\" class=\"size-medium wp-image-942 aligncenter\" src=\"https:\/\/lucatiraterra.com\/wp-content\/uploads\/2025\/05\/news_2025-04-18_Svart-Vinter-single-Of-Cold-And-Grief-300x169.jpg\" alt=\"\" width=\"300\" height=\"169\" srcset=\"https:\/\/lucatiraterra.com\/wp-content\/uploads\/2025\/05\/news_2025-04-18_Svart-Vinter-single-Of-Cold-And-Grief-300x169.jpg 300w, https:\/\/lucatiraterra.com\/wp-content\/uploads\/2025\/05\/news_2025-04-18_Svart-Vinter-single-Of-Cold-And-Grief-768x432.jpg 768w, https:\/\/lucatiraterra.com\/wp-content\/uploads\/2025\/05\/news_2025-04-18_Svart-Vinter-single-Of-Cold-And-Grief.jpg 1280w\" sizes=\"auto, (max-width: 300px) 100vw, 300px\" \/>Italian atmospheric black metal band<strong>\u00a0SVART VINTER\u00a0<\/strong>will release their sophomore studio album<strong>\u00a0<\/strong><em>\u201cIsvind\u201d<\/em><strong>\u00a0<\/strong>on May 30th, 2025 via\u00a0<strong>Non Serviam Records<\/strong>.<\/p>\n<p><strong>SVART VINTER<\/strong>\u00a0unveil the official video for the first single\u00a0<em>\u201cOf Cold And Grief\u201d<\/em>.<\/p>\n<blockquote class=\"wp-block-quote is-layout-flow wp-block-quote-is-layout-flow\"><p>\n\u201c<em>With its chilling atmosphere and relentless intensity \u2018Of Cold And Grief\u2019 paints a picture of a world plunged into eternal winter, where light is fading, and the cold is the only constant companion. This track is an exploration of the raw, unyielding nature of grief, death, and the solitude that follows. It is a journey into the heart of winter, where the cold is not just a season, but a reflection of inner torment,\u201d\u00a0<\/em>comments the band.<\/p>\n<p>https:\/\/www.youtube.com\/watch?v=vDL5yIJkT2Y&amp;t=1s\n<\/p><\/blockquote>\n\r\n\r\n         <div class=\"line_divider\"><\/div>     \r\n        <span class=\"subtitle\"><\/span>\r\n\r\n<\/div><div class=\"heading_group_sc wpb_content_element subtitle_bottom text-center has_line_divider\">\r\n\r\n\r\n\r\n    <h2>Svart Vinter deal with Non Serviam Records<\/h2>\n<p style=\"text-align: center;\">1\/02\/25<br \/>\n<img loading=\"lazy\" decoding=\"async\" class=\"size-medium wp-image-925 aligncenter\" src=\"https:\/\/lucatiraterra.com\/wp-content\/uploads\/2025\/03\/Svart-Vinter-e1738161697234-768x452-1-300x177.jpg\" alt=\"\" width=\"300\" height=\"177\" srcset=\"https:\/\/lucatiraterra.com\/wp-content\/uploads\/2025\/03\/Svart-Vinter-e1738161697234-768x452-1-300x177.jpg 300w, https:\/\/lucatiraterra.com\/wp-content\/uploads\/2025\/03\/Svart-Vinter-e1738161697234-768x452-1.jpg 768w\" sizes=\"auto, (max-width: 300px) 100vw, 300px\" \/><\/p>\n<p>&nbsp;<\/p>\n<p style=\"font-weight: 400;\"><b><strong>SVART VINTER <\/strong><\/b>have just inked a deal with Dutch label <b><strong>Non Serviam Records<\/strong><\/b>.<\/p>\n<p style=\"font-weight: 400;\">Founded in Rome in 2021 by members of the doom\/death metal band Veil Of Conspiracy, they draw inspiration from the classic Norwegian black metal scene of the 90\u2019s.<\/p>\n<p style=\"font-weight: 400;\"><b><strong>SVART VINTER<\/strong><\/b>\u2019s sound is characterized by haunting melodies, cold, sharp riffs, and a powerful, relentless rhythm section. Their lyrics delve into themes of nature, isolation, and existential struggle, exploring both the beauty and the darkness of the natural world and the human condition. Their music is more than just a reflection of black metal\u2019s harsh sound &#8211; it&#8217;s a journey through darkness, atmosphere and emotion, a tribute to the genre\u2019s past while looking toward its future.<\/p>\n<p style=\"font-weight: 400;\">The band comments: <em>\u201cWe are thrilled to officially announce our signing with Non Serviam Records. This collaboration represents a significant milestone in our artistic journey, and we are excited to bring you new music and projects under their incredible support. Stay tuned for more info.\u201d<\/em><\/p>\n<p style=\"font-weight: 400;\"><em>\u00a0<\/em><\/p>\n<p style=\"font-weight: 400;\"><b><strong>Non Serviam Records<\/strong><\/b>\u2019 owner <b><strong>Ricardo Gelok <\/strong><\/b>enthuses: <em>\u201cThe dark and melodic black metal sound of \u2018<\/em><em>Isvind\u2019<\/em><em>\u00a0was a real pleasant surprise when i hear the songs for the first time. <\/em>\u00a0<em>I have listened to this album a lot, that\u2019s how much I liked the new album.<\/em>\u00a0<em>This is a band that knows how to write good music and turn it into a good production too. <\/em>\u00a0<em>I\u2019m happy to have <\/em><em>Svart Vinter <\/em><em>at Non Serviam Records.\u201d<\/em><\/p>\n<p style=\"font-weight: 400;\"><em>\u00a0<\/em><\/p>\n<p style=\"font-weight: 400;\"><b><strong>SVART VINTER <\/strong><\/b>will release their sophomore album \u201cIsvind\u201d later this year.<\/p>\n<p style=\"font-weight: 400;\"><b><strong>\u00a0<\/strong><\/b><\/p>\n<p style=\"font-weight: 400;\"><b><strong>SVART VINTER <\/strong><\/b>are:<\/p>\n<p style=\"font-weight: 400;\">Andrea Maggioni &#8211; Vocals<\/p>\n<p style=\"font-weight: 400;\">Luca Gagnoni &#8211; Rhythm and Lead Guitars<\/p>\n<p style=\"font-weight: 400;\">Emanuela Marino &#8211; Rhythm Guitars<\/p>\n<p style=\"font-weight: 400;\">Jacopo Simonelli &#8211; Bass<\/p>\n<p style=\"font-weight: 400;\">Luca Tiraterra &#8211; Drums<\/p>\n\r\n\r\n         <div class=\"line_divider\"><\/div>     \r\n        <span class=\"subtitle\"><\/span>\r\n\r\n<\/div><div class=\"heading_group_sc wpb_content_element subtitle_bottom text-center has_line_divider\">\r\n\r\n\r\n\r\n    <h2>Luca Tiraterra on drums for the new INCANTVM Album<\/h2>\n<p>11\/11\/2024<br \/>\n<img loading=\"lazy\" decoding=\"async\" class=\"size-medium wp-image-899 aligncenter\" src=\"https:\/\/lucatiraterra.com\/wp-content\/uploads\/2024\/11\/466094634_3761823704086459_9121755690723828096_n-300x300.jpg\" alt=\"\" width=\"300\" height=\"300\" srcset=\"https:\/\/lucatiraterra.com\/wp-content\/uploads\/2024\/11\/466094634_3761823704086459_9121755690723828096_n-300x300.jpg 300w, https:\/\/lucatiraterra.com\/wp-content\/uploads\/2024\/11\/466094634_3761823704086459_9121755690723828096_n-1282x1282.jpg 1282w, https:\/\/lucatiraterra.com\/wp-content\/uploads\/2024\/11\/466094634_3761823704086459_9121755690723828096_n-150x150.jpg 150w, https:\/\/lucatiraterra.com\/wp-content\/uploads\/2024\/11\/466094634_3761823704086459_9121755690723828096_n-768x768.jpg 768w, https:\/\/lucatiraterra.com\/wp-content\/uploads\/2024\/11\/466094634_3761823704086459_9121755690723828096_n.jpg 1417w\" sizes=\"auto, (max-width: 300px) 100vw, 300px\" \/><img loading=\"lazy\" decoding=\"async\" class=\"size-medium wp-image-901 aligncenter\" src=\"https:\/\/lucatiraterra.com\/wp-content\/uploads\/2024\/11\/453046186_3663343250601172_8667439694703056091_n-300x225.jpg\" alt=\"\" width=\"300\" height=\"225\" srcset=\"https:\/\/lucatiraterra.com\/wp-content\/uploads\/2024\/11\/453046186_3663343250601172_8667439694703056091_n-300x225.jpg 300w, https:\/\/lucatiraterra.com\/wp-content\/uploads\/2024\/11\/453046186_3663343250601172_8667439694703056091_n.jpg 600w\" sizes=\"auto, (max-width: 300px) 100vw, 300px\" \/><br \/>\nOut in February 2025, we reveal today the cover artwork of the album, a photo realized by Riccardo Ziosi with Carlotta &#8216;Evilla&#8217; Vignocchi as model.<br class=\"html-br\" \/>Lp, Digipack and merch:<br class=\"html-br\" \/><span class=\"html-span xdj266r x11i5rnm xat24cr x1mh8g0r xexx8yu x4uap5 x18d9i69 xkhd6sd x1hl2dhg x16tdsg8 x1vvkbs\"><a class=\"x1i10hfl xjbqb8w x1ejq31n xd10rxx x1sy0etr x17r0tee x972fbf xcfux6l x1qhh985 xm0m39n x9f619 x1ypdohk xt0psk2 xe8uvvx xdj266r x11i5rnm xat24cr x1mh8g0r xexx8yu x4uap5 x18d9i69 xkhd6sd x16tdsg8 x1hl2dhg xggy1nq x1a2a7pz x1sur9pj xkrqix3 x1fey0fg x1s688f\" tabindex=\"0\" role=\"link\" href=\"https:\/\/dawnofadarkage.bandcamp.com\/album\/maleficia?fbclid=IwZXh0bgNhZW0CMTAAAR1xkyrb0PhXvO-SCvncQWf_qJYvCBUYtch4EineAvuolojs2j47qlOcF38_aem_8hE7O2ioB3NfuzrRxlYR-Q\" target=\"_blank\" rel=\"nofollow noopener noreferrer\">https:\/\/dawnofadarkage.bandcamp.com\/album\/maleficia<\/a><\/span><br class=\"html-br\" \/>&#8220;Maleficia&#8221; is interpreted by Tenebra (<span class=\"html-span xdj266r x11i5rnm xat24cr x1mh8g0r xexx8yu x4uap5 x18d9i69 xkhd6sd x1hl2dhg x16tdsg8 x1vvkbs\"><a class=\"x1i10hfl xjbqb8w x1ejq31n xd10rxx x1sy0etr x17r0tee x972fbf xcfux6l x1qhh985 xm0m39n x9f619 x1ypdohk xt0psk2 xe8uvvx xdj266r x11i5rnm xat24cr x1mh8g0r xexx8yu x4uap5 x18d9i69 xkhd6sd x16tdsg8 x1hl2dhg xggy1nq x1a2a7pz x1sur9pj xkrqix3 xzsf02u x1s688f\" tabindex=\"0\" role=\"link\" href=\"https:\/\/www.facebook.com\/Dreariness?__cft__[0]=AZUCzdJmLaCFeVg9Q0A45-mqSA-0XnyEVLV3kyC9LxBYxhrbJxwIKlM68MgqAhPZ1Y0DU7QSJZXODShPR32Y3RxBGk97X_GH8iH02sj039khA1FLEpRkyL1A2aukCQAdSXUSYbuRnIP0Wr108qhGQoj7yoI24w1RLbO83s5tHzr-bLLPO6tvsuIWeKuciVd0CFo&amp;__tn__=-]K*F\"><span class=\"xt0psk2\">Dreariness<\/span><\/a><\/span>) on voice, Samael von Martin (Mater a Clivis Imperat, Evol, Death Dies) and Nequam with their demonical and inquisitor vocals, Lorenzo Mastrogiuseppe on bass, Luca Tiraterra and Marco Molino on rhythmic elements.<\/p>\n\r\n\r\n         <div class=\"line_divider\"><\/div>     \r\n        <span class=\"subtitle\"><\/span>\r\n\r\n<\/div><div class=\"heading_group_sc wpb_content_element subtitle_bottom text-center has_line_divider\">\r\n\r\n\r\n\r\n    <h2>Drums Recording for Theomachia&#8217;s New Album<\/h2>\n<p>31\/10\/2024<br \/>\n<img loading=\"lazy\" decoding=\"async\" class=\"size-medium wp-image-895 aligncenter\" src=\"https:\/\/lucatiraterra.com\/wp-content\/uploads\/2024\/11\/465229757_18476419537061518_7819055386490666357_n-240x300.jpg\" alt=\"\" width=\"240\" height=\"300\" srcset=\"https:\/\/lucatiraterra.com\/wp-content\/uploads\/2024\/11\/465229757_18476419537061518_7819055386490666357_n-240x300.jpg 240w, https:\/\/lucatiraterra.com\/wp-content\/uploads\/2024\/11\/465229757_18476419537061518_7819055386490666357_n-1026x1282.jpg 1026w, https:\/\/lucatiraterra.com\/wp-content\/uploads\/2024\/11\/465229757_18476419537061518_7819055386490666357_n-768x960.jpg 768w, https:\/\/lucatiraterra.com\/wp-content\/uploads\/2024\/11\/465229757_18476419537061518_7819055386490666357_n-1229x1536.jpg 1229w, https:\/\/lucatiraterra.com\/wp-content\/uploads\/2024\/11\/465229757_18476419537061518_7819055386490666357_n.jpg 1440w\" sizes=\"auto, (max-width: 240px) 100vw, 240px\" \/><br \/>\nLuca Tiraterra entered to NMG Studios in Rome to record all the drums for the new album of the black metal project &#8220;Theomachia&#8221;. News to come.<\/p>\n\r\n\r\n         <div class=\"line_divider\"><\/div>     \r\n        <span class=\"subtitle\"><\/span>\r\n\r\n<\/div><div class=\"heading_group_sc wpb_content_element subtitle_bottom text-center has_line_divider\">\r\n\r\n\r\n\r\n    <h2>European Tour with Fingernails<\/h2>\n<p>7\/09\/2024<br \/>\n<img loading=\"lazy\" decoding=\"async\" class=\"size-medium wp-image-886 aligncenter\" src=\"https:\/\/lucatiraterra.com\/wp-content\/uploads\/2024\/11\/458082510_1115891373592774_714761714623025390_n-240x300.jpg\" alt=\"\" width=\"240\" height=\"300\" srcset=\"https:\/\/lucatiraterra.com\/wp-content\/uploads\/2024\/11\/458082510_1115891373592774_714761714623025390_n-240x300.jpg 240w, https:\/\/lucatiraterra.com\/wp-content\/uploads\/2024\/11\/458082510_1115891373592774_714761714623025390_n-1025x1282.jpg 1025w, https:\/\/lucatiraterra.com\/wp-content\/uploads\/2024\/11\/458082510_1115891373592774_714761714623025390_n-768x961.jpg 768w, https:\/\/lucatiraterra.com\/wp-content\/uploads\/2024\/11\/458082510_1115891373592774_714761714623025390_n.jpg 1080w\" sizes=\"auto, (max-width: 240px) 100vw, 240px\" \/><img loading=\"lazy\" decoding=\"async\" class=\"size-medium wp-image-888 alignnone\" src=\"https:\/\/lucatiraterra.com\/wp-content\/uploads\/2024\/11\/458992309_3360045260795538_6039222752952127897_n-300x225.jpg\" alt=\"\" width=\"300\" height=\"225\" srcset=\"https:\/\/lucatiraterra.com\/wp-content\/uploads\/2024\/11\/458992309_3360045260795538_6039222752952127897_n-300x225.jpg 300w, https:\/\/lucatiraterra.com\/wp-content\/uploads\/2024\/11\/458992309_3360045260795538_6039222752952127897_n-1709x1282.jpg 1709w, https:\/\/lucatiraterra.com\/wp-content\/uploads\/2024\/11\/458992309_3360045260795538_6039222752952127897_n-768x576.jpg 768w, https:\/\/lucatiraterra.com\/wp-content\/uploads\/2024\/11\/458992309_3360045260795538_6039222752952127897_n-1536x1152.jpg 1536w, https:\/\/lucatiraterra.com\/wp-content\/uploads\/2024\/11\/458992309_3360045260795538_6039222752952127897_n.jpg 2048w\" sizes=\"auto, (max-width: 300px) 100vw, 300px\" \/><\/p>\n<pre id=\"tw-target-text\" class=\"tw-data-text tw-text-large tw-ta\" dir=\"ltr\" data-placeholder=\"Translation\" data-ved=\"2ahUKEwi4-an1lvWJAxWK-QIHHYgmPLAQ3ewLegQIDxAW\" aria-label=\"Translated text: We announce the entry of the new drummer LUCA TIRATERRA who will follow the FINGERNAILS 43th anniversary European tour with the exception of the 18\/19 October dates which will see the presence of LUCA CETRONI from Witchunter as previously contacted before the new arrival. Good luck and have a good tour.\"><span class=\"Y2IQFc\" lang=\"en\">We announce the entry of the new drummer LUCA TIRATERRA who will follow \r\nthe FINGERNAILS 43th anniversary European tour on September\/October 2024. Good luck and have a good tour.<\/span><\/pre>\n\r\n\r\n         <div class=\"line_divider\"><\/div>     \r\n        <span class=\"subtitle\"><\/span>\r\n\r\n<\/div><div class=\"heading_group_sc wpb_content_element subtitle_bottom text-center has_line_divider\">\r\n\r\n\r\n\r\n    <h2>Drums recording of Svart Vinter&#8217;s Second Album<\/h2>\n<p>3\/08\/2024<\/p>\n<p><img loading=\"lazy\" decoding=\"async\" class=\"size-medium wp-image-881 aligncenter\" src=\"https:\/\/lucatiraterra.com\/wp-content\/uploads\/2024\/11\/svart-vinter-recording-drums-300x221.png\" alt=\"\" width=\"300\" height=\"221\" srcset=\"https:\/\/lucatiraterra.com\/wp-content\/uploads\/2024\/11\/svart-vinter-recording-drums-300x221.png 300w, https:\/\/lucatiraterra.com\/wp-content\/uploads\/2024\/11\/svart-vinter-recording-drums-768x565.png 768w, https:\/\/lucatiraterra.com\/wp-content\/uploads\/2024\/11\/svart-vinter-recording-drums.png 1157w\" sizes=\"auto, (max-width: 300px) 100vw, 300px\" \/><br \/>\nGreat news.<\/p>\n<p>Today, Luca has recorded all the drums for the new album.<\/p>\n<p>During the next weeks we\u2019ll record guitars, bass and vocals, so more is to come.<\/p>\n<p>https:\/\/www.instagram.com\/p\/C-N6S5Ji7Os\/?img_index=1<\/p>\n\r\n\r\n         <div class=\"line_divider\"><\/div>     \r\n        <span class=\"subtitle\"><\/span>\r\n\r\n<\/div><div class=\"heading_group_sc wpb_content_element subtitle_bottom text-center has_line_divider\">\r\n\r\n\r\n\r\n    <h2>Il Giardino Degli Specchi Spring Tour 2024<\/h2>\n<p>7\/03\/2024<\/p>\n<div class=\"x11i5rnm xat24cr x1mh8g0r x1vvkbs xtlvy1s x126k92a\">\n<div dir=\"auto\"><img loading=\"lazy\" decoding=\"async\" class=\"size-medium wp-image-874 aligncenter\" src=\"https:\/\/lucatiraterra.com\/wp-content\/uploads\/2024\/04\/418937449_771806045008553_8251896638235236636_n-212x300.jpg\" alt=\"\" width=\"212\" height=\"300\" srcset=\"https:\/\/lucatiraterra.com\/wp-content\/uploads\/2024\/04\/418937449_771806045008553_8251896638235236636_n-212x300.jpg 212w, https:\/\/lucatiraterra.com\/wp-content\/uploads\/2024\/04\/418937449_771806045008553_8251896638235236636_n-906x1282.jpg 906w, https:\/\/lucatiraterra.com\/wp-content\/uploads\/2024\/04\/418937449_771806045008553_8251896638235236636_n-768x1086.jpg 768w, https:\/\/lucatiraterra.com\/wp-content\/uploads\/2024\/04\/418937449_771806045008553_8251896638235236636_n-1086x1536.jpg 1086w, https:\/\/lucatiraterra.com\/wp-content\/uploads\/2024\/04\/418937449_771806045008553_8251896638235236636_n-1448x2048.jpg 1448w, https:\/\/lucatiraterra.com\/wp-content\/uploads\/2024\/04\/418937449_771806045008553_8251896638235236636_n-scaled.jpg 1810w\" sizes=\"auto, (max-width: 212px) 100vw, 212px\" \/><\/div>\n<div dir=\"auto\">Noise Cave is proud to announce the Italian\/France Tour 2024 of Il Giardino Degli Specchi<br \/>\nHere the dates:<\/div>\n<\/div>\n<div class=\"x11i5rnm xat24cr x1mh8g0r x1vvkbs xtlvy1s x126k92a\">\n<div dir=\"auto\">24\/04\/2024 Siena Arci Ravacciano<\/div>\n<div dir=\"auto\">25\/04\/2024 Massarosa Freesound Live Club<\/div>\n<div dir=\"auto\">26\/04\/2024 Bergamo Circolo Al Bafo<\/div>\n<div dir=\"auto\">27\/04\/2024 Fr\u00e9jus Monster\u2019s Art<\/div>\n<div dir=\"auto\">28\/04\/2024 Asti Diavolo Rosso<\/div>\n<div dir=\"auto\">29\/04\/2024 Verona Fine Di Mondo<\/div>\n<\/div>\n<div class=\"x11i5rnm xat24cr x1mh8g0r x1vvkbs xtlvy1s x126k92a\">\n<div dir=\"auto\">Noise On!<\/div>\n<\/div>\n\r\n\r\n         <div class=\"line_divider\"><\/div>     \r\n        <span class=\"subtitle\"><\/span>\r\n\r\n<\/div><div class=\"heading_group_sc wpb_content_element subtitle_bottom text-center has_line_divider\">\r\n\r\n\r\n\r\n    <h2>Luca Tiraterra Performs at &#8220;Grooves Rhythm Method Drum Day 2023&#8221;<\/h2>\n<p>11\/09\/2023<\/p>\n<p><img loading=\"lazy\" decoding=\"async\" class=\"size-medium wp-image-850 aligncenter\" src=\"https:\/\/lucatiraterra.com\/wp-content\/uploads\/2023\/09\/drum-day-157x300.jpg\" alt=\"\" width=\"157\" height=\"300\" srcset=\"https:\/\/lucatiraterra.com\/wp-content\/uploads\/2023\/09\/drum-day-157x300.jpg 157w, https:\/\/lucatiraterra.com\/wp-content\/uploads\/2023\/09\/drum-day.jpg 612w\" sizes=\"auto, (max-width: 157px) 100vw, 157px\" \/><\/p>\n<p>Luca Tiraterra performed at Giampaolo Rao&#8217;s Drum Day at Coffee Studio in Rome.<\/p>\n<p>A day full of music with a lot of talented drummers from Italy.<\/p>\n<p>You can check out a clip of the performance down below:<br \/>\n<a href=\"https:\/\/www.youtube.com\/watch?v=7Ms4ILRoj84\">https:\/\/www.youtube.com\/watch?v=7Ms4ILRoj84<\/a><\/p>\n\r\n\r\n         <div class=\"line_divider\"><\/div>     \r\n        <span class=\"subtitle\"><\/span>\r\n\r\n<\/div><div class=\"ple_anypostloop_shortcode wpb_content_element  \"><div id=\"list_64d8e7857362d\" class=\"grid_wrapper list_grid list_post_card_vertical row clearfix\">\r\n\r\n\r\n<\/div><\/div><div class=\"heading_group_sc wpb_content_element subtitle_bottom text-center has_line_divider\">\r\n\r\n\r\n\r\n    <h2>Il Giardino Degli Specchi UK Tour 2023<\/h2>\n<p>19\/07\/2023<\/p>\n<p><b><img loading=\"lazy\" decoding=\"async\" class=\"size-medium wp-image-727 aligncenter\" src=\"https:\/\/lucatiraterra.com\/wp-content\/uploads\/2023\/08\/361594220_807906451187264_4224328797664998069_n-236x300.jpg\" alt=\"\" width=\"236\" height=\"300\" srcset=\"https:\/\/lucatiraterra.com\/wp-content\/uploads\/2023\/08\/361594220_807906451187264_4224328797664998069_n-236x300.jpg 236w, https:\/\/lucatiraterra.com\/wp-content\/uploads\/2023\/08\/361594220_807906451187264_4224328797664998069_n-1007x1282.jpg 1007w, https:\/\/lucatiraterra.com\/wp-content\/uploads\/2023\/08\/361594220_807906451187264_4224328797664998069_n-768x978.jpg 768w, https:\/\/lucatiraterra.com\/wp-content\/uploads\/2023\/08\/361594220_807906451187264_4224328797664998069_n-1207x1536.jpg 1207w, https:\/\/lucatiraterra.com\/wp-content\/uploads\/2023\/08\/361594220_807906451187264_4224328797664998069_n.jpg 1609w\" sizes=\"auto, (max-width: 236px) 100vw, 236px\" \/><\/b><b><\/b><\/p>\n<p><b>Sounds Of Failure<\/b> is proud to announce the UK Tour of &#8220;<b>Il Giardino Degli Specchi<\/b>&#8221; for October 2023.<\/p>\n<div><\/div>\n<div>They will promote the latest album &#8220;Monstrum&#8221; with five date around England.<\/div>\n<div><\/div>\n<div>Here it is the dates:<\/div>\n<div><\/div>\n<div>11\/10\/2023: London &#8211; Cart&amp;Horses<\/div>\n<div>12\/10\/2023: Sheffield &#8211; Yorkshireman<\/div>\n<div>13\/10\/2023: Bolton &#8211; The York<\/div>\n<div>14\/10\/2023: Raunds &#8211; The Red Lion<\/div>\n<div>15\/10\/2023: Swindon &#8211; Underground<\/div>\n<div><\/div>\n<div>Info:<\/div>\n<div>\n<div class=\"xmprfx_x3nfvp2\"><a href=\"https:\/\/l.instagram.com\/?u=https%3A%2F%2Flinktr.ee%2Filgiardinodeglispecchi&amp;e=AT3gZVQIqk8P2zMzbwtbF1HfHAzkY4XLPZrmZqt1fhjUpqWMDBD-dbpXCGZbWs9YlRiZLw2AdR9R_v49Yd2wi5mDrBnvIOPGqVmwuDUXklhA84W45jcJ7w\" target=\"_blank\" rel=\"noopener noreferrer\"><span class=\"xmprfx_x1lliihq xmprfx_x1plvlek xmprfx_xryxfnj xmprfx_x1n2onr6 xmprfx_x193iq5w xmprfx_xeuugli xmprfx_x1fj9vlw xmprfx_x13faqbe xmprfx_x1vvkbs xmprfx_x1s928wv xmprfx_xhkezso xmprfx_x1gmr53x xmprfx_x1cpjm7i xmprfx_x1fgarty xmprfx_x1943h6x xmprfx_x1i0vuye xmprfx_xvs91rp xmprfx_x1s688f xmprfx_x7l2uk3 xmprfx_x10wh9bi xmprfx_x1wdrske xmprfx_x8viiok xmprfx_x18hxmgj\" dir=\"auto\"><span class=\"xmprfx_x1lliihq xmprfx_x193iq5w xmprfx_x6ikm8r xmprfx_x10wlt62 xmprfx_xlyipyv xmprfx_xuxw1ft\">linktr.ee\/ilgiardinodeglispecchi<\/span><\/span><\/a><\/div>\n<p><a href=\"https:\/\/www.facebook.com\/ilgiardinodeglispecchi\" target=\"_blank\" rel=\"noopener noreferrer\">https:\/\/www.facebook.com\/ilgiardinodeglispecchi<\/a><\/p>\n<\/div>\n\r\n\r\n         <div class=\"line_divider\"><\/div>     \r\n        <span class=\"subtitle\"><\/span>\r\n\r\n<\/div><div class=\"heading_group_sc wpb_content_element subtitle_bottom text-center has_line_divider\">\r\n\r\n\r\n\r\n    <h2>Luca Tiraterra Signature Drumsticks by Roll&#8217;em.<\/h2>\n<p>22\/06\/2023<\/p>\n<p><img loading=\"lazy\" decoding=\"async\" class=\"size-medium wp-image-722 aligncenter\" src=\"https:\/\/lucatiraterra.com\/wp-content\/uploads\/2023\/08\/355467075_734749378453584_2820299792254031841_n-300x200.jpg\" alt=\"\" width=\"300\" height=\"200\" srcset=\"https:\/\/lucatiraterra.com\/wp-content\/uploads\/2023\/08\/355467075_734749378453584_2820299792254031841_n-300x200.jpg 300w, https:\/\/lucatiraterra.com\/wp-content\/uploads\/2023\/08\/355467075_734749378453584_2820299792254031841_n-768x513.jpg 768w, https:\/\/lucatiraterra.com\/wp-content\/uploads\/2023\/08\/355467075_734749378453584_2820299792254031841_n-1536x1025.jpg 1536w, https:\/\/lucatiraterra.com\/wp-content\/uploads\/2023\/08\/355467075_734749378453584_2820299792254031841_n.jpg 1600w\" sizes=\"auto, (max-width: 300px) 100vw, 300px\" \/><\/p>\n<p>The Luca Tiraterra Signature Drumsticks by Roll are now available.<\/p>\n<p>Roll is an italian drumsticks company and they have developed a drumstick that comes mainly from a 2B and then subsequently modified and reinforced in the upper part, therefore including the tip and neck, until obtaining greater resistance, which makes it ideal for extreme genres.<\/p>\n<p>Check them out!<\/p>\n\r\n\r\n         <div class=\"line_divider\"><\/div>     \r\n        <span class=\"subtitle\"><\/span>\r\n\r\n<\/div><div class=\"heading_group_sc wpb_content_element subtitle_bottom text-center has_line_divider\">\r\n\r\n\r\n\r\n    <h2>Luca Tiraterra joined Svart Vinter<\/h2>\n<p>9\/01\/2023<\/p>\n<p><img loading=\"lazy\" decoding=\"async\" class=\"size-medium wp-image-786 aligncenter\" src=\"https:\/\/lucatiraterra.com\/wp-content\/uploads\/2023\/08\/333064756_883495296039690_2835518618005073600_n-300x200.jpg\" alt=\"\" width=\"300\" height=\"200\" srcset=\"https:\/\/lucatiraterra.com\/wp-content\/uploads\/2023\/08\/333064756_883495296039690_2835518618005073600_n-300x200.jpg 300w, https:\/\/lucatiraterra.com\/wp-content\/uploads\/2023\/08\/333064756_883495296039690_2835518618005073600_n-1920x1280.jpg 1920w, https:\/\/lucatiraterra.com\/wp-content\/uploads\/2023\/08\/333064756_883495296039690_2835518618005073600_n-768x512.jpg 768w, https:\/\/lucatiraterra.com\/wp-content\/uploads\/2023\/08\/333064756_883495296039690_2835518618005073600_n-1536x1024.jpg 1536w, https:\/\/lucatiraterra.com\/wp-content\/uploads\/2023\/08\/333064756_883495296039690_2835518618005073600_n.jpg 2048w\" sizes=\"auto, (max-width: 300px) 100vw, 300px\" \/><\/p>\n<p>Luca Tiraterra joined the black metal band <strong>Svart Vinter<\/strong>. They just released their first album &#8220;Mist&#8221; and will promote it live soon.<\/p>\n<p>You can check out the band here:<\/p>\n<p>https:\/\/svartvinter.bandcamp.com\/album\/mist<\/p>\n\r\n\r\n         <div class=\"line_divider\"><\/div>     \r\n        <span class=\"subtitle\"><\/span>\r\n\r\n<\/div><div class=\"heading_group_sc wpb_content_element subtitle_bottom text-center has_line_divider\">\r\n\r\n\r\n\r\n    <h2>Il Giardino Degli Specchi European Tour 2023<\/h2>\n<p>23\/02\/2023<\/p>\n<p><strong><img loading=\"lazy\" decoding=\"async\" class=\"size-medium wp-image-783 aligncenter\" src=\"https:\/\/lucatiraterra.com\/wp-content\/uploads\/2023\/08\/332889728_859069741837008_2543209024718789717_n-2-236x300.jpg\" alt=\"\" width=\"236\" height=\"300\" srcset=\"https:\/\/lucatiraterra.com\/wp-content\/uploads\/2023\/08\/332889728_859069741837008_2543209024718789717_n-2-236x300.jpg 236w, https:\/\/lucatiraterra.com\/wp-content\/uploads\/2023\/08\/332889728_859069741837008_2543209024718789717_n-2-1007x1282.jpg 1007w, https:\/\/lucatiraterra.com\/wp-content\/uploads\/2023\/08\/332889728_859069741837008_2543209024718789717_n-2-768x978.jpg 768w, https:\/\/lucatiraterra.com\/wp-content\/uploads\/2023\/08\/332889728_859069741837008_2543209024718789717_n-2-1207x1536.jpg 1207w, https:\/\/lucatiraterra.com\/wp-content\/uploads\/2023\/08\/332889728_859069741837008_2543209024718789717_n-2.jpg 1609w\" sizes=\"auto, (max-width: 236px) 100vw, 236px\" \/>Il Giardino degli Specchi<\/strong> will be on the road in March 2023 to promote the latest album <strong>&#8220;Monstrum&#8221;<\/strong>. Check the dates below.<\/p>\n<div class=\"xdj266r x11i5rnm xat24cr x1mh8g0r x1vvkbs x126k92a\">\n<div dir=\"auto\">European Tour 2023<\/div>\n<\/div>\n<div class=\"x11i5rnm xat24cr x1mh8g0r x1vvkbs xtlvy1s x126k92a\">\n<div dir=\"auto\">March 17 &#8211; ROME (IT), ALVARADO STREET<\/div>\n<div dir=\"auto\"><a class=\"x1i10hfl xjbqb8w x6umtig x1b1mbwd xaqea5y xav7gou x9f619 x1ypdohk xt0psk2 xe8uvvx xdj266r x11i5rnm xat24cr x1mh8g0r xexx8yu x4uap5 x18d9i69 xkhd6sd x16tdsg8 x1hl2dhg xggy1nq x1a2a7pz xt0b8zv x1qq9wsj xo1l8bm\" tabindex=\"0\" role=\"link\" href=\"https:\/\/www.facebook.com\/events\/594010419252263\/?__cft__[0]=AZUYvgJ4CG195W6FFa3Re9E1cYImx6L4ajnfctE_Igv_D2xRsDpr05958oXOcfoChER7uEN-ZGoYV8CU4WB1bTBYPCiSbPMk5DjekPKluWeoAJ2_fylwV6mIJIRFW7BrOEMO7Y-wdNXR5gukwNURGqCM&amp;__tn__=-UK-R\"><span class=\"xt0psk2\">https:\/\/www.facebook.com\/events\/594010419252263<\/span><\/a><\/div>\n<\/div>\n<div class=\"x11i5rnm xat24cr x1mh8g0r x1vvkbs xtlvy1s x126k92a\">\n<div dir=\"auto\">March 23 &#8211; WIEN (AT), ARENA WIEN<\/div>\n<div dir=\"auto\"><a class=\"x1i10hfl xjbqb8w x6umtig x1b1mbwd xaqea5y xav7gou x9f619 x1ypdohk xt0psk2 xe8uvvx xdj266r x11i5rnm xat24cr x1mh8g0r xexx8yu x4uap5 x18d9i69 xkhd6sd x16tdsg8 x1hl2dhg xggy1nq x1a2a7pz xt0b8zv x1qq9wsj xo1l8bm\" tabindex=\"0\" role=\"link\" href=\"https:\/\/www.facebook.com\/events\/883842126221984\/?__cft__[0]=AZUYvgJ4CG195W6FFa3Re9E1cYImx6L4ajnfctE_Igv_D2xRsDpr05958oXOcfoChER7uEN-ZGoYV8CU4WB1bTBYPCiSbPMk5DjekPKluWeoAJ2_fylwV6mIJIRFW7BrOEMO7Y-wdNXR5gukwNURGqCM&amp;__tn__=-UK-R\"><span class=\"xt0psk2\">https:\/\/www.facebook.com\/events\/883842126221984<\/span><\/a><\/div>\n<\/div>\n<div class=\"x11i5rnm xat24cr x1mh8g0r x1vvkbs xtlvy1s x126k92a\">\n<div dir=\"auto\">March 24 &#8211; BUDAPEST (HU), S8 UNDERGROUND CLUB<\/div>\n<div dir=\"auto\"><a class=\"x1i10hfl xjbqb8w x6umtig x1b1mbwd xaqea5y xav7gou x9f619 x1ypdohk xt0psk2 xe8uvvx xdj266r x11i5rnm xat24cr x1mh8g0r xexx8yu x4uap5 x18d9i69 xkhd6sd x16tdsg8 x1hl2dhg xggy1nq x1a2a7pz xt0b8zv x1qq9wsj xo1l8bm\" tabindex=\"0\" role=\"link\" href=\"https:\/\/www.facebook.com\/events\/666370928509022\/?__cft__[0]=AZUYvgJ4CG195W6FFa3Re9E1cYImx6L4ajnfctE_Igv_D2xRsDpr05958oXOcfoChER7uEN-ZGoYV8CU4WB1bTBYPCiSbPMk5DjekPKluWeoAJ2_fylwV6mIJIRFW7BrOEMO7Y-wdNXR5gukwNURGqCM&amp;__tn__=-UK-R\"><span class=\"xt0psk2\">https:\/\/www.facebook.com\/events\/666370928509022<\/span><\/a><\/div>\n<\/div>\n<div class=\"x11i5rnm xat24cr x1mh8g0r x1vvkbs xtlvy1s x126k92a\">\n<div dir=\"auto\">March 25 &#8211; NOVI SAD (SRB), CK13 YOUTH CENTER<\/div>\n<div dir=\"auto\"><a class=\"x1i10hfl xjbqb8w x6umtig x1b1mbwd xaqea5y xav7gou x9f619 x1ypdohk xt0psk2 xe8uvvx xdj266r x11i5rnm xat24cr x1mh8g0r xexx8yu x4uap5 x18d9i69 xkhd6sd x16tdsg8 x1hl2dhg xggy1nq x1a2a7pz xt0b8zv x1qq9wsj xo1l8bm\" tabindex=\"0\" role=\"link\" href=\"https:\/\/www.facebook.com\/events\/1216546015620067\/?__cft__[0]=AZUYvgJ4CG195W6FFa3Re9E1cYImx6L4ajnfctE_Igv_D2xRsDpr05958oXOcfoChER7uEN-ZGoYV8CU4WB1bTBYPCiSbPMk5DjekPKluWeoAJ2_fylwV6mIJIRFW7BrOEMO7Y-wdNXR5gukwNURGqCM&amp;__tn__=-UK-R\"><span class=\"xt0psk2\">https:\/\/facebook.com\/events\/s\/post-rok-senzacija-iz-italije-\/1216546015620067\/<\/span><\/a><\/div>\n<\/div>\n<div class=\"x11i5rnm xat24cr x1mh8g0r x1vvkbs xtlvy1s x126k92a\">\n<div dir=\"auto\">March 26 &#8211; ZAGREB (HR), AKC ATTACK<\/div>\n<div dir=\"auto\"><a class=\"x1i10hfl xjbqb8w x6umtig x1b1mbwd xaqea5y xav7gou x9f619 x1ypdohk xt0psk2 xe8uvvx xdj266r x11i5rnm xat24cr x1mh8g0r xexx8yu x4uap5 x18d9i69 xkhd6sd x16tdsg8 x1hl2dhg xggy1nq x1a2a7pz xt0b8zv x1qq9wsj xo1l8bm\" tabindex=\"0\" role=\"link\" href=\"https:\/\/www.facebook.com\/events\/1547052002452020\/?__cft__[0]=AZUYvgJ4CG195W6FFa3Re9E1cYImx6L4ajnfctE_Igv_D2xRsDpr05958oXOcfoChER7uEN-ZGoYV8CU4WB1bTBYPCiSbPMk5DjekPKluWeoAJ2_fylwV6mIJIRFW7BrOEMO7Y-wdNXR5gukwNURGqCM&amp;__tn__=-UK-R\"><span class=\"xt0psk2\">https:\/\/www.facebook.com\/events\/1547052002452020<\/span><\/a><\/div>\n<\/div>\n\r\n\r\n         <div class=\"line_divider\"><\/div>     \r\n        <span class=\"subtitle\"><\/span>\r\n\r\n<\/div><div class=\"heading_group_sc wpb_content_element subtitle_bottom text-center has_line_divider\">\r\n\r\n\r\n\r\n    <h2>Monstrum Release Party<\/h2>\n<p>15\/10\/2022<\/p>\n<p><strong><img loading=\"lazy\" decoding=\"async\" class=\"size-medium wp-image-789 aligncenter\" src=\"https:\/\/lucatiraterra.com\/wp-content\/uploads\/2023\/08\/312203866_589877476323497_8524923115098473557_n-2-300x200.jpg\" alt=\"\" width=\"300\" height=\"200\" srcset=\"https:\/\/lucatiraterra.com\/wp-content\/uploads\/2023\/08\/312203866_589877476323497_8524923115098473557_n-2-300x200.jpg 300w, https:\/\/lucatiraterra.com\/wp-content\/uploads\/2023\/08\/312203866_589877476323497_8524923115098473557_n-2-1920x1280.jpg 1920w, https:\/\/lucatiraterra.com\/wp-content\/uploads\/2023\/08\/312203866_589877476323497_8524923115098473557_n-2-768x512.jpg 768w, https:\/\/lucatiraterra.com\/wp-content\/uploads\/2023\/08\/312203866_589877476323497_8524923115098473557_n-2-1536x1024.jpg 1536w, https:\/\/lucatiraterra.com\/wp-content\/uploads\/2023\/08\/312203866_589877476323497_8524923115098473557_n-2.jpg 2048w\" sizes=\"auto, (max-width: 300px) 100vw, 300px\" \/><\/strong><\/p>\n<p><strong>Monstrum<\/strong>\u00a0by Il Giardino Degli Specchi is out now, on digital and physical copies.<\/p>\n<p>The release party at the Wishlist Club of Rome was a huge success with also the collaboration with the visual artist team &#8220;Half Humans&#8221;.<\/p>\n<p>You can grab your copy here:<\/p>\n<p>https:\/\/ilgiardinodeglispecchi.bandcamp.com\/album\/monstrum<\/p>\n\r\n\r\n         <div class=\"line_divider\"><\/div>     \r\n        <span class=\"subtitle\"><\/span>\r\n\r\n<\/div><div class=\"heading_group_sc wpb_content_element subtitle_bottom text-center has_line_divider\">\r\n\r\n\r\n\r\n    <h2>Dreariness Present &#8220;Exhale&#8221; Official Video<\/h2>\n<p>28\/10\/2022<\/p>\n<p><strong><img loading=\"lazy\" decoding=\"async\" class=\"size-medium wp-image-794 aligncenter\" src=\"https:\/\/lucatiraterra.com\/wp-content\/uploads\/2023\/08\/Video-finally-out-300x300.jpg\" alt=\"\" width=\"300\" height=\"300\" srcset=\"https:\/\/lucatiraterra.com\/wp-content\/uploads\/2023\/08\/Video-finally-out-300x300.jpg 300w, https:\/\/lucatiraterra.com\/wp-content\/uploads\/2023\/08\/Video-finally-out-1282x1282.jpg 1282w, https:\/\/lucatiraterra.com\/wp-content\/uploads\/2023\/08\/Video-finally-out-150x150.jpg 150w, https:\/\/lucatiraterra.com\/wp-content\/uploads\/2023\/08\/Video-finally-out-768x768.jpg 768w, https:\/\/lucatiraterra.com\/wp-content\/uploads\/2023\/08\/Video-finally-out.jpg 1336w\" sizes=\"auto, (max-width: 300px) 100vw, 300px\" \/>DREARINESS<\/strong> universe is enriched with a new decadent jewel: the official video of <strong>\u201cExhale\u201d<\/strong>.<br \/>\nGreatly realized by Sanda Movies you can see it at <a href=\"https:\/\/youtu.be\/lboJBVVGVJ0\" target=\"_blank\" rel=\"nofollow noopener\">https:\/\/youtu.be\/lboJBVVGVJ0<\/a><\/p>\n<p>The result is a musical and filmic masterpiece full of torment and despair in a way that is so hauntingly beautiful that it hurts.<br \/>\nHere is what the singer <strong>TENEBRA<\/strong> says about \u201cExhale\u201d and its video:<br \/>\n<em>\u201cExhale\u201d is the reconciliation with reality that is pleasant and horrible at the same time.\u00a0<\/em><em>We will meet the overcome pain again, always, in this existence.\u00a0<\/em><em>The experience, however, has taught us to let ourselves go, forgive us and forgive.\u00a0<\/em><em>We are what we are and we must accept ourselves, learn to live with our past to improve ourselves in the present, in the future.<\/em><br \/>\n<em>The video accompanies us, delicately, on the tips, like a real dance, at the end of a torment. Hugging us, hugging.\u00a0<\/em><em>The price of resilience is the total desensitization of the feelings as well as from the pain\u201d.<\/em><\/p>\n\r\n\r\n         <div class=\"line_divider\"><\/div>     \r\n        <span class=\"subtitle\"><\/span>\r\n\r\n<\/div><div class=\"heading_group_sc wpb_content_element subtitle_bottom text-center has_line_divider\">\r\n\r\n\r\n\r\n    <h2>&#8220;Monstrum&#8221; out in October<\/h2>\n<p>26\/08\/2022<\/p>\n<div class=\"l7ghb35v kjdc1dyq kmwttqpk gh25dzvf jikcssrz n3t5jt4f\">\n<div dir=\"auto\"><img loading=\"lazy\" decoding=\"async\" class=\"size-medium wp-image-706 aligncenter\" src=\"https:\/\/lucatiraterra.com\/wp-content\/uploads\/2022\/08\/il-giardino-monstrum-300x300.jpg\" alt=\"\" width=\"300\" height=\"300\" \/>monstrum<\/div>\n<\/div>\n<div class=\"l7ghb35v kjdc1dyq kmwttqpk gh25dzvf jikcssrz n3t5jt4f\">\n<div dir=\"auto\">[s. neutral, Lat.] &#8211; Term corresponding to \u201cmonster\u201d, sometimes also used in Italian contexts with meanings which were proper to the Latin language, of prodigy, portentous fact or phenomenon, exceptional, both in a positive and negative sense, also referred to a person who reveals qualities, good or bad, going beyond the limits of normality, but without the detrimental connotations that monster acquired in modern use.<\/div>\n<\/div>\n<div class=\"l7ghb35v kjdc1dyq kmwttqpk gh25dzvf jikcssrz n3t5jt4f\">\n<div dir=\"auto\">Pre-save it on Spotify <span class=\"fxk3tzhb b2rh1bv3 gh55jysx m8h3af8h ewco64xe kjdc1dyq ms56khn7 bq6c9xl4 eohcrkr5 akh3l2rg\"><img loading=\"lazy\" decoding=\"async\" src=\"https:\/\/static.xx.fbcdn.net\/images\/emoji.php\/v9\/tf0\/2\/16\/1f449.png\" alt=\"\ud83d\udc49\" width=\"16\" height=\"16\" \/><\/span> <a class=\"qi72231t nu7423ey n3hqoq4p r86q59rh b3qcqh3k fq87ekyn bdao358l fsf7x5fv rse6dlih s5oniofx m8h3af8h l7ghb35v kjdc1dyq kmwttqpk srn514ro oxkhqvkx rl78xhln nch0832m cr00lzj9 rn8ck1ys s3jn8y49 icdlwmnq cxfqmxzd ezidihy3\" tabindex=\"0\" role=\"link\" href=\"https:\/\/show.co\/ncymfLx?fbclid=IwAR00_KPWoHn6qlLDJHRDOkgBUt2zwXHfslBkNfpF7_8Y6VO_kqcyHqvtHG0\" target=\"_blank\" rel=\"nofollow noopener\">https:\/\/show.co\/ncymfLx<\/a><\/div>\n<\/div>\n\r\n\r\n         <div class=\"line_divider\"><\/div>     \r\n        <span class=\"subtitle\"><\/span>\r\n\r\n<\/div><div class=\"heading_group_sc wpb_content_element subtitle_bottom text-center has_line_divider\">\r\n\r\n\r\n\r\n    <h2>Before We Vanish is available now!<\/h2>\n<p>15\/04\/2022<\/p>\n<div dir=\"auto\"><img loading=\"lazy\" decoding=\"async\" class=\"size-medium wp-image-701 aligncenter\" src=\"https:\/\/lucatiraterra.com\/wp-content\/uploads\/2022\/08\/drearinesss-before-we-vanish-300x300.jpg\" alt=\"\" width=\"300\" height=\"300\" \/>&#8220;Before We Vanish&#8221; is finally out!<\/div>\n<div dir=\"auto\">Behind this album there are years of chaos, hard work and acceptance. We tried to reach you with the pure essence of Dreariness with these 6 tracks: words and emotions have embraced the notes in an obsessive dance made up of emotions and awareness. A work that has definitely united us in a strong embrace. We would like to thank many people without whom this album would not have been possible. First of all, the new entries in the line-up: <a class=\"qi72231t nu7423ey n3hqoq4p r86q59rh b3qcqh3k fq87ekyn bdao358l fsf7x5fv rse6dlih s5oniofx m8h3af8h l7ghb35v kjdc1dyq kmwttqpk srn514ro oxkhqvkx rl78xhln nch0832m cr00lzj9 rn8ck1ys s3jn8y49 icdlwmnq cxfqmxzd d1w2l3lo tes86rjd\" tabindex=\"0\" role=\"link\" href=\"https:\/\/www.facebook.com\/robienkis?__cft__[0]=AZVqYLl4LJe51mS3BxLj9eHYKMrkKuBaS0kdWchSc5CcSLN_x5MC8i5nbB_mSALESG34nCqfLbHkY-8RekmKdkFJRrlsAxiOdZk0i5ceF43b8AA-HPIvAC-QADl6BPvC4MOnf1ukE1--TxMDaxvD8Egu&amp;__tn__=-]K-R\"><span class=\"rse6dlih\">Roberto Mascia<\/span><\/a>, a friend and a brother, for years our producer, has given all to this album, an excellent production, a motivator in the studio, and now also a great presence in the line-up with his voice, duet with Tenebra. <a class=\"qi72231t nu7423ey n3hqoq4p r86q59rh b3qcqh3k fq87ekyn bdao358l fsf7x5fv rse6dlih s5oniofx m8h3af8h l7ghb35v kjdc1dyq kmwttqpk srn514ro oxkhqvkx rl78xhln nch0832m cr00lzj9 rn8ck1ys s3jn8y49 icdlwmnq cxfqmxzd d1w2l3lo tes86rjd\" tabindex=\"0\" role=\"link\" href=\"https:\/\/www.facebook.com\/luca.tiraterra?__cft__[0]=AZVqYLl4LJe51mS3BxLj9eHYKMrkKuBaS0kdWchSc5CcSLN_x5MC8i5nbB_mSALESG34nCqfLbHkY-8RekmKdkFJRrlsAxiOdZk0i5ceF43b8AA-HPIvAC-QADl6BPvC4MOnf1ukE1--TxMDaxvD8Egu&amp;__tn__=-]K-R\"><span class=\"rse6dlih\">Luca Tiraterra<\/span><\/a>, a formidable drummer, a professional, he was able to play everything that was written at a distance by Torpor, enriching it with his personal style, he is irreplaceable for us. Valerio Libera, an incredible presence in recent years, who has provided many ideas during the work, without him the songs would not be what you can listen to today, and also enriched our work with some incredible noise guitars. Federico Rinaldi, for a completely handmade artwork, creating a small piece of art that fully embodies the feelings of this album. And who has believed in us in the last year, Francesco of <a class=\"qi72231t nu7423ey n3hqoq4p r86q59rh b3qcqh3k fq87ekyn bdao358l fsf7x5fv rse6dlih s5oniofx m8h3af8h l7ghb35v kjdc1dyq kmwttqpk srn514ro oxkhqvkx rl78xhln nch0832m cr00lzj9 rn8ck1ys s3jn8y49 icdlwmnq cxfqmxzd d1w2l3lo tes86rjd\" tabindex=\"0\" role=\"link\" href=\"https:\/\/www.facebook.com\/mykingdommusicofficial?__cft__[0]=AZVqYLl4LJe51mS3BxLj9eHYKMrkKuBaS0kdWchSc5CcSLN_x5MC8i5nbB_mSALESG34nCqfLbHkY-8RekmKdkFJRrlsAxiOdZk0i5ceF43b8AA-HPIvAC-QADl6BPvC4MOnf1ukE1--TxMDaxvD8Egu&amp;__tn__=-]K-R\"><span class=\"rse6dlih\">My Kingdom Music<\/span><\/a>, without whom all this would not have been possible in all its beauty.<\/div>\n<div dir=\"auto\">We really hope you enjoy our work, and we hope to see us live soon, in the meantime you can listen to &#8220;Before We Vanish&#8221; here:<\/div>\n<div dir=\"auto\"><a href=\"https:\/\/album.link\/Dreariness\">https:\/\/album.link\/Dreariness<\/a><\/div>\n<div dir=\"auto\"><\/div>\n\r\n\r\n         <div class=\"line_divider\"><\/div>     \r\n        <span class=\"subtitle\"><\/span>\r\n\r\n<\/div><div class=\"ple_anypostloop_shortcode wpb_content_element  \"><div id=\"grid_5b166c1dc2761\" class=\"grid_wrapper strict_grid grid_post_card_vertical row clearfix\">    \r\n\r\n\r\n<\/div><\/div>[\/vc_column][\/vc_row][vc_row full_width=&#8221;stretch_row&#8221; equal_height=&#8221;yes&#8221; color_set=&#8221;white_section&#8221; row_padding_bottom=&#8221;padding_bottom_none&#8221; post_type=&#8221;&#8221; css=&#8221;.vc_custom_1528467350262{background-color: #f6f6f6 !important;background-position: center !important;background-repeat: no-repeat !important;background-size: cover !important;}&#8221;][vc_column width=&#8221;1\/2&#8243; offset=&#8221;vc_col-xs-6&#8243;]<div class=\"heading_group_sc wpb_content_element subtitle_bottom text-left has_line_divider has_line_divider\">\r\n\r\n\r\n\r\n    <h5 style=\"text-align: left;\">EVERYDAY SNAPSHOTS<\/h5>\n<h2>MY INSTAGRAM<\/h2>\n\r\n\r\n         <div class=\"line_divider\"><\/div>     \r\n        <span class=\"subtitle\"><\/span>\r\n\r\n<\/div>[\/vc_column][vc_column width=&#8221;1\/2&#8243; offset=&#8221;vc_col-xs-6&#8243;]<div class=\"plethora_button wpb_content_element   text-right btn_block\">\r\n\r\n    <a href=\"https:\/\/www.instagram.com\/lucatiraterra\/?hl=it\" class=\"btn-lg btn btn-light  \" title=\"\"  target=\"_self\" >\r\n\r\n        \r\n        GO TO INSTAGRAM\r\n        \r\n\r\n    <\/a>\r\n\r\n<\/div>[\/vc_column][vc_column]<div class=\"ple_instagram_feed wpb_content_element  \"><!-- INSTAGRAM FEED SHORTCODE -->\t\t<div id=\"sbi_mod_error\" >\n\t\t\t<span>This error message is only visible to WordPress admins<\/span><br \/>\n\t\t\t<p><strong>Error: No feed found.<\/strong>\n\t\t\t<p>Please go to the Instagram Feed settings page to create a feed.<\/p>\n\t\t<\/div>\n\t\t<!--\/ INSTAGRAM FEED SHORTCODE --><\/div>[\/vc_column][\/vc_row]<\/p>\n","protected":false},"excerpt":{"rendered":"<p>[vc_row full_width=&#8221;stretch_row&#8221; equal_height=&#8221;yes&#8221; color_set=&#8221;white_section&#8221; post_type=&#8221;&#8221; el_id=&#8221;blog&#8221;][vc_column width=&#8221;2\/3&#8243; offset=&#8221;vc_col-xs-6&#8243;][\/vc_column][vc_column width=&#8221;1\/3&#8243; offset=&#8221;vc_col-xs-6&#8243;][vc_column_text css=&#8221;.vc_custom_1661524905252{margin-top: 20px !important;}&#8221;] Stay updated with my last music news. [\/vc_column_text][\/vc_column][\/vc_row][vc_row full_width=&#8221;stretch_row&#8221; equal_height=&#8221;yes&#8221; color_set=&#8221;white_section&#8221; post_type=&#8221;&#8221; css=&#8221;.vc_custom_1528198088421{margin-top: -6em !important;}&#8221;][vc_column][\/vc_column][\/vc_row][vc_row full_width=&#8221;stretch_row&#8221; equal_height=&#8221;yes&#8221; color_set=&#8221;white_section&#8221; row_padding_bottom=&#8221;padding_bottom_none&#8221; post_type=&#8221;&#8221; css=&#8221;.vc_custom_1528467350262{background-color: #f6f6f6 !important;background-position: center !important;background-repeat: no-repeat !important;background-size: cover !important;}&#8221;][vc_column width=&#8221;1\/2&#8243; offset=&#8221;vc_col-xs-6&#8243;][\/vc_column][vc_column width=&#8221;1\/2&#8243; offset=&#8221;vc_col-xs-6&#8243;][\/vc_column][vc_column][\/vc_column][\/vc_row]<\/p>\n","protected":false},"author":1,"featured_media":730,"parent":0,"menu_order":0,"comment_status":"closed","ping_status":"closed","template":"","meta":{"_seopress_robots_primary_cat":"","_seopress_titles_title":"","_seopress_titles_desc":"","_seopress_robots_index":"","footnotes":""},"class_list":["post-201","page","type-page","status-publish","has-post-thumbnail","hentry"],"_links":{"self":[{"href":"https:\/\/lucatiraterra.com\/en\/wp-json\/wp\/v2\/pages\/201","targetHints":{"allow":["GET"]}}],"collection":[{"href":"https:\/\/lucatiraterra.com\/en\/wp-json\/wp\/v2\/pages"}],"about":[{"href":"https:\/\/lucatiraterra.com\/en\/wp-json\/wp\/v2\/types\/page"}],"author":[{"embeddable":true,"href":"https:\/\/lucatiraterra.com\/en\/wp-json\/wp\/v2\/users\/1"}],"replies":[{"embeddable":true,"href":"https:\/\/lucatiraterra.com\/en\/wp-json\/wp\/v2\/comments?post=201"}],"version-history":[{"count":59,"href":"https:\/\/lucatiraterra.com\/en\/wp-json\/wp\/v2\/pages\/201\/revisions"}],"predecessor-version":[{"id":967,"href":"https:\/\/lucatiraterra.com\/en\/wp-json\/wp\/v2\/pages\/201\/revisions\/967"}],"wp:featuredmedia":[{"embeddable":true,"href":"https:\/\/lucatiraterra.com\/en\/wp-json\/wp\/v2\/media\/730"}],"wp:attachment":[{"href":"https:\/\/lucatiraterra.com\/en\/wp-json\/wp\/v2\/media?parent=201"}],"curies":[{"name":"wp","href":"https:\/\/api.w.org\/{rel}","templated":true}]}}